{"id":439,"date":"2026-03-12T09:53:22","date_gmt":"2026-03-12T09:53:22","guid":{"rendered":"https:\/\/delamarebonfim.adv.br\/site\/?page_id=439"},"modified":"2026-04-02T19:01:07","modified_gmt":"2026-04-02T19:01:07","slug":"advogado-civel-em-curitiba","status":"publish","type":"page","link":"https:\/\/delamarebonfim.adv.br\/site\/advogado-civel-em-curitiba\/","title":{"rendered":"Advogado C\u00edvel em Curitiba"},"content":{"rendered":"\t\t<div data-elementor-type=\"wp-page\" data-elementor-id=\"439\" class=\"elementor elementor-439\">\n\t\t\t\t\t\t<section class=\"elementor-section elementor-top-section elementor-element elementor-element-1e7fff2 elementor-section-stretched elementor-section-height-min-height elementor-section-boxed elementor-section-height-default elementor-section-items-middle\" data-id=\"1e7fff2\" data-element_type=\"section\" data-e-type=\"section\" data-settings=\"{&quot;stretch_section&quot;:&quot;section-stretched&quot;,&quot;background_background&quot;:&quot;classic&quot;}\">\n\t\t\t\t\t\t<div class=\"elementor-container elementor-column-gap-default\">\n\t\t\t\t\t<div class=\"elementor-column elementor-col-100 elementor-top-column elementor-element elementor-element-3ebfdcb\" data-id=\"3ebfdcb\" data-element_type=\"column\" data-e-type=\"column\">\n\t\t\t<div class=\"elementor-widget-wrap elementor-element-populated\">\n\t\t\t\t\t\t<div class=\"elementor-element elementor-element-986aaf1 elementor-widget elementor-widget-heading\" data-id=\"986aaf1\" data-element_type=\"widget\" data-e-type=\"widget\" data-widget_type=\"heading.default\">\n\t\t\t\t<div class=\"elementor-widget-container\">\n\t\t\t\t\t<h2 class=\"elementor-heading-title elementor-size-default\">Direito C\u00edvel<\/h2>\t\t\t\t<\/div>\n\t\t\t\t<\/div>\n\t\t\t\t\t<\/div>\n\t\t<\/div>\n\t\t\t\t\t<\/div>\n\t\t<\/section>\n\t\t\t\t<section class=\"elementor-section elementor-top-section elementor-element elementor-element-af978f0 elementor-section-stretched elementor-section-boxed elementor-section-height-default elementor-section-height-default\" data-id=\"af978f0\" data-element_type=\"section\" data-e-type=\"section\" data-settings=\"{&quot;stretch_section&quot;:&quot;section-stretched&quot;}\">\n\t\t\t\t\t\t<div class=\"elementor-container elementor-column-gap-default\">\n\t\t\t\t\t<div class=\"elementor-column elementor-col-100 elementor-top-column elementor-element elementor-element-9553a9f\" data-id=\"9553a9f\" data-element_type=\"column\" data-e-type=\"column\">\n\t\t\t<div class=\"elementor-widget-wrap elementor-element-populated\">\n\t\t\t\t\t\t<div class=\"elementor-element elementor-element-a5a2a18 elementor-widget elementor-widget-text-editor\" data-id=\"a5a2a18\" data-element_type=\"widget\" data-e-type=\"widget\" data-widget_type=\"text-editor.default\">\n\t\t\t\t<div class=\"elementor-widget-container\">\n\t\t\t\t\t\t\t\t\t<p><span style=\"font-weight: 400;\">O Direito Civil\u00a0\u00e9 um dos ramos mais amplos do ordenamento jur\u00eddico brasileiro, sendo respons\u00e1vel por regular grande parte das rela\u00e7\u00f5es jur\u00eddicas estabelecidas no cotidiano das pessoas e das empresas. Trata-se da \u00e1rea do Direito que disciplina as rela\u00e7\u00f5es privadas, envolvendo direitos patrimoniais, obriga\u00e7\u00f5es contratuais, responsabilidade civil, posse, propriedade, rela\u00e7\u00f5es de consumo e diversas outras situa\u00e7\u00f5es que podem gerar conflitos ou demandar orienta\u00e7\u00e3o jur\u00eddica especializada.<\/span><span style=\"font-weight: 400;\"><br \/><\/span><span style=\"font-weight: 400;\">O escrit\u00f3rio Delamare Bonfim Advocacia\u00a0possui s\u00f3lida atua\u00e7\u00e3o na \u00e1rea c\u00edvel, oferecendo assessoria jur\u00eddica completa tanto na\u00a0preven\u00e7\u00e3o de lit\u00edgios quanto na atua\u00e7\u00e3o judicial, sempre com base em an\u00e1lise t\u00e9cnica aprofundada e na defini\u00e7\u00e3o de estrat\u00e9gias jur\u00eddicas adequadas a cada caso.<\/span><span style=\"font-weight: 400;\"><br \/><\/span><span style=\"font-weight: 400;\">Com\u00a0mais de 15 anos de expertise na advocacia, equipe formada por\u00a0mais de 12 advogados\u00a0e atua\u00e7\u00e3o em\u00a0mais de 10.000 processos judiciais e administrativos, o escrit\u00f3rio desenvolveu ampla experi\u00eancia na condu\u00e7\u00e3o de demandas c\u00edveis complexas, prestando assessoria jur\u00eddica cont\u00ednua tamb\u00e9m para\u00a0mais de 50 empresas\u00a0de diversos segmentos.<\/span><span style=\"font-weight: 400;\"><br \/><\/span><span style=\"font-weight: 400;\">Nossa atua\u00e7\u00e3o busca oferecer seguran\u00e7a jur\u00eddica, transpar\u00eancia e solu\u00e7\u00f5es eficazes, sempre alinhadas \u00e0 legisla\u00e7\u00e3o vigente, \u00e0 doutrina e \u00e0 jurisprud\u00eancia dos tribunais.<\/span><span style=\"font-weight: 400;\"><br \/><\/span><span style=\"font-weight: 400;\">Quando procurar um advogado especialista em Direito C\u00edvel?<\/span><span style=\"font-weight: 400;\"><br \/><\/span><span style=\"font-weight: 400;\">Diversas situa\u00e7\u00f5es do dia a dia podem envolver direitos e obriga\u00e7\u00f5es regulados pelo Direito Civil, sendo fundamental a orienta\u00e7\u00e3o de um advogado para an\u00e1lise t\u00e9cnica da situa\u00e7\u00e3o e defini\u00e7\u00e3o das medidas jur\u00eddicas adequadas.<\/span><span style=\"font-weight: 400;\"><br \/><\/span><span style=\"font-weight: 400;\">Entre as situa\u00e7\u00f5es mais comuns em que a atua\u00e7\u00e3o de um advogado c\u00edvel se torna necess\u00e1ria, destacam-se:<\/span><span style=\"font-weight: 400;\"><br \/><\/span><span style=\"font-weight: 400;\">Responsabilidade civil e indeniza\u00e7\u00f5es<\/span><span style=\"font-weight: 400;\"><br \/><\/span><span style=\"font-weight: 400;\">\u2022 Indeniza\u00e7\u00e3o por\u00a0danos morais\u00a0decorrentes de ofensas, constrangimentos ou viola\u00e7\u00f5es de direitos da personalidade<\/span><span style=\"font-weight: 400;\"><br \/><\/span><span style=\"font-weight: 400;\">\u2022 Indeniza\u00e7\u00e3o por\u00a0danos materiais\u00a0decorrentes de preju\u00edzos financeiros causados por terceiros<\/span><span style=\"font-weight: 400;\"><br \/><\/span><span style=\"font-weight: 400;\">\u2022 Indeniza\u00e7\u00e3o por\u00a0danos est\u00e9ticos<\/span><span style=\"font-weight: 400;\"><br \/><\/span><span style=\"font-weight: 400;\">\u2022 Responsabilidade por acidentes em estabelecimentos comerciais<\/span><span style=\"font-weight: 400;\"><br \/><\/span><span style=\"font-weight: 400;\">\u2022 Responsabilidade civil decorrente de falhas na presta\u00e7\u00e3o de servi\u00e7os<\/span><span style=\"font-weight: 400;\"><br \/><\/span><span style=\"font-weight: 400;\">\u2022 Repara\u00e7\u00e3o de preju\u00edzos decorrentes de condutas il\u00edcitas<\/span><span style=\"font-weight: 400;\"><br \/><\/span><span style=\"font-weight: 400;\">Problemas contratuais<\/span><span style=\"font-weight: 400;\"><br \/><\/span><span style=\"font-weight: 400;\">\u2022 Elabora\u00e7\u00e3o, an\u00e1lise e revis\u00e3o de contratos<\/span><span style=\"font-weight: 400;\"><br \/><\/span><span style=\"font-weight: 400;\">\u2022 Descumprimento contratual<\/span><span style=\"font-weight: 400;\"><br \/><\/span><span style=\"font-weight: 400;\">\u2022 Rescis\u00e3o contratual<\/span><span style=\"font-weight: 400;\"><br \/><\/span><span style=\"font-weight: 400;\">\u2022 Discuss\u00f5es envolvendo cl\u00e1usulas abusivas<\/span><span style=\"font-weight: 400;\"><br \/><\/span><span style=\"font-weight: 400;\">\u2022 Cobran\u00e7a de valores previstos em contrato<\/span><span style=\"font-weight: 400;\"><br \/><\/span><span style=\"font-weight: 400;\">\u2022 Defesa em a\u00e7\u00f5es de cobran\u00e7a ou execu\u00e7\u00e3o<\/span><span style=\"font-weight: 400;\"><br \/><\/span><span style=\"font-weight: 400;\">\u2022 Resolu\u00e7\u00e3o de conflitos contratuais entre particulares ou empresas<\/span><span style=\"font-weight: 400;\"><br \/><\/span><span style=\"font-weight: 400;\">Cobran\u00e7as e recupera\u00e7\u00e3o de cr\u00e9dito<\/span><span style=\"font-weight: 400;\"><br \/><\/span><span style=\"font-weight: 400;\">\u2022 A\u00e7\u00f5es de cobran\u00e7a<\/span><span style=\"font-weight: 400;\"><br \/><\/span><span style=\"font-weight: 400;\">\u2022 Execu\u00e7\u00e3o de t\u00edtulos extrajudiciais<\/span><span style=\"font-weight: 400;\"><br \/><\/span><span style=\"font-weight: 400;\">\u2022 Cumprimento de senten\u00e7a<\/span><span style=\"font-weight: 400;\"><br \/><\/span><span style=\"font-weight: 400;\">\u2022 Recupera\u00e7\u00e3o de cr\u00e9ditos decorrentes de inadimplemento<\/span><span style=\"font-weight: 400;\"><br \/><\/span><span style=\"font-weight: 400;\">\u2022 Defesa contra cobran\u00e7as indevidas<\/span><span style=\"font-weight: 400;\"><br \/><\/span><span style=\"font-weight: 400;\">\u2022 Revis\u00e3o de d\u00edvidas<\/span><span style=\"font-weight: 400;\"><br \/><\/span><span style=\"font-weight: 400;\">Problemas envolvendo cadastros de inadimplentes<\/span><span style=\"font-weight: 400;\"><br \/><\/span><span style=\"font-weight: 400;\">\u2022 Inclus\u00e3o indevida em \u00f3rg\u00e3os de prote\u00e7\u00e3o ao cr\u00e9dito (SPC, Serasa, Boa Vista)<\/span><span style=\"font-weight: 400;\"><br \/><\/span><span style=\"font-weight: 400;\">\u2022 Negativa\u00e7\u00e3o irregular<\/span><span style=\"font-weight: 400;\"><br \/><\/span><span style=\"font-weight: 400;\">\u2022 Manuten\u00e7\u00e3o indevida de registro ap\u00f3s pagamento da d\u00edvida<\/span><span style=\"font-weight: 400;\"><br \/><\/span><span style=\"font-weight: 400;\">\u2022 Indeniza\u00e7\u00e3o por danos morais decorrentes de negativa\u00e7\u00e3o indevida<\/span><span style=\"font-weight: 400;\"><br \/><\/span><span style=\"font-weight: 400;\">Compra e venda de bens<\/span><span style=\"font-weight: 400;\"><br \/><\/span><span style=\"font-weight: 400;\">\u2022 Problemas em contratos de compra e venda<\/span><span style=\"font-weight: 400;\"><br \/><\/span><span style=\"font-weight: 400;\">\u2022 Discuss\u00f5es envolvendo compra e venda de ve\u00edculos<\/span><span style=\"font-weight: 400;\"><br \/><\/span><span style=\"font-weight: 400;\">\u2022 Conflitos decorrentes da aquisi\u00e7\u00e3o de im\u00f3veis<\/span><span style=\"font-weight: 400;\"><br \/><\/span><span style=\"font-weight: 400;\">\u2022 Descumprimento de obriga\u00e7\u00f5es assumidas em negocia\u00e7\u00f5es<\/span><span style=\"font-weight: 400;\"><br \/><\/span><span style=\"font-weight: 400;\">\u2022 V\u00edcios ocultos em bens adquiridos<\/span><span style=\"font-weight: 400;\"><br \/><\/span><span style=\"font-weight: 400;\">Direito imobili\u00e1rio e posse<\/span><span style=\"font-weight: 400;\"><br \/><\/span><span style=\"font-weight: 400;\">\u2022 Discuss\u00f5es envolvendo posse e propriedade<\/span><span style=\"font-weight: 400;\"><br \/><\/span><span style=\"font-weight: 400;\">\u2022 Conflitos entre vizinhos<\/span><span style=\"font-weight: 400;\"><br \/><\/span><span style=\"font-weight: 400;\">\u2022 Direito de passagem<\/span><span style=\"font-weight: 400;\"><br \/><\/span><span style=\"font-weight: 400;\">\u2022 Uso indevido de propriedade<\/span><span style=\"font-weight: 400;\"><br \/><\/span><span style=\"font-weight: 400;\">\u2022 Turba\u00e7\u00e3o ou esbulho possess\u00f3rio<\/span><span style=\"font-weight: 400;\"><br \/><\/span><span style=\"font-weight: 400;\">\u2022 A\u00e7\u00f5es possess\u00f3rias<\/span><span style=\"font-weight: 400;\"><br \/><\/span><span style=\"font-weight: 400;\">\u2022 Regulariza\u00e7\u00e3o de im\u00f3veis<\/span><span style=\"font-weight: 400;\"><br \/><\/span><span style=\"font-weight: 400;\">Conflitos entre particulares<\/span><span style=\"font-weight: 400;\"><br \/><\/span><span style=\"font-weight: 400;\">\u2022 Discuss\u00f5es patrimoniais<\/span><span style=\"font-weight: 400;\"><br \/><\/span><span style=\"font-weight: 400;\">\u2022 Direitos de vizinhan\u00e7a<\/span><span style=\"font-weight: 400;\"><br \/><\/span><span style=\"font-weight: 400;\">\u2022 Uso indevido de propriedade alheia<\/span><span style=\"font-weight: 400;\"><br \/><\/span><span style=\"font-weight: 400;\">\u2022 Problemas envolvendo benfeitorias<\/span><span style=\"font-weight: 400;\"><br \/><\/span><span style=\"font-weight: 400;\">\u2022 Conflitos decorrentes de conviv\u00eancia entre particulares<\/span><span style=\"font-weight: 400;\"><br \/><\/span><span style=\"font-weight: 400;\">Rela\u00e7\u00f5es de consumo<\/span><span style=\"font-weight: 400;\"><br \/><\/span><span style=\"font-weight: 400;\">\u2022 Problemas com fornecedores de produtos ou servi\u00e7os<\/span><span style=\"font-weight: 400;\"><br \/><\/span><span style=\"font-weight: 400;\">\u2022 Cobran\u00e7as abusivas<\/span><span style=\"font-weight: 400;\"><br \/><\/span><span style=\"font-weight: 400;\">\u2022 Descumprimento de oferta ou contrato<\/span><span style=\"font-weight: 400;\"><br \/><\/span><span style=\"font-weight: 400;\">\u2022 Produtos defeituosos<\/span><span style=\"font-weight: 400;\"><br \/><\/span><span style=\"font-weight: 400;\">\u2022 Servi\u00e7os prestados de forma inadequada<\/span><span style=\"font-weight: 400;\"><br \/><\/span><span style=\"font-weight: 400;\">\u2022 Responsabilidade por falha na presta\u00e7\u00e3o de servi\u00e7os<\/span><span style=\"font-weight: 400;\"><br \/><\/span><span style=\"font-weight: 400;\">Outras situa\u00e7\u00f5es tratadas no Direito Civil<\/span><span style=\"font-weight: 400;\"><br \/><\/span><span style=\"font-weight: 400;\">Al\u00e9m das situa\u00e7\u00f5es acima, diversas outras demandas podem exigir orienta\u00e7\u00e3o jur\u00eddica especializada na \u00e1rea c\u00edvel, como:<\/span><span style=\"font-weight: 400;\"><br \/><\/span><span style=\"font-weight: 400;\">\u2022 Discuss\u00f5es sobre obriga\u00e7\u00f5es e d\u00edvidas<\/span><span style=\"font-weight: 400;\"><br \/><\/span><span style=\"font-weight: 400;\">\u2022 Revis\u00e3o de contratos civis<\/span><span style=\"font-weight: 400;\"><br \/><\/span><span style=\"font-weight: 400;\">\u2022 A\u00e7\u00f5es declarat\u00f3rias de inexist\u00eancia de d\u00e9bito<\/span><span style=\"font-weight: 400;\"><br \/><\/span><span style=\"font-weight: 400;\">\u2022 Discuss\u00f5es sobre responsabilidade civil profissional<\/span><span style=\"font-weight: 400;\"><br \/><\/span><span style=\"font-weight: 400;\">\u2022 Conflitos decorrentes de rela\u00e7\u00f5es comerciais<\/span><span style=\"font-weight: 400;\"><br \/><\/span><span style=\"font-weight: 400;\">\u2022 Defesa em a\u00e7\u00f5es judiciais c\u00edveis em geral<\/span><span style=\"font-weight: 400;\"><br \/><\/span><span style=\"font-weight: 400;\">Cada caso possui particularidades pr\u00f3prias, sendo essencial a an\u00e1lise t\u00e9cnica de toda a documenta\u00e7\u00e3o e das circunst\u00e2ncias envolvidas para defini\u00e7\u00e3o da estrat\u00e9gia jur\u00eddica mais adequada.<\/span><span style=\"font-weight: 400;\"><br \/><\/span><span style=\"font-weight: 400;\">Nossa forma de atua\u00e7\u00e3o<\/span><span style=\"font-weight: 400;\"><br \/><\/span><span style=\"font-weight: 400;\">A atua\u00e7\u00e3o do\u00a0escrit\u00f3rio\u00a0Delamare Bonfim Advocacia\u00a0na \u00e1rea c\u00edvel \u00e9 pautada por uma metodologia de trabalho que prioriza a an\u00e1lise t\u00e9cnica aprofundada e a constru\u00e7\u00e3o de estrat\u00e9gias jur\u00eddicas s\u00f3lidas.<\/span><span style=\"font-weight: 400;\"><br \/><\/span><span style=\"font-weight: 400;\">Nosso trabalho envolve:<\/span><span style=\"font-weight: 400;\"><br \/><\/span><span style=\"font-weight: 400;\">\u2714<\/span><span style=\"font-weight: 400;\">\u00a0estudo detalhado da situa\u00e7\u00e3o apresentada<\/span><span style=\"font-weight: 400;\"><br \/><\/span><span style=\"font-weight: 400;\">\u2714<\/span><span style=\"font-weight: 400;\">\u00a0an\u00e1lise da documenta\u00e7\u00e3o e das provas dispon\u00edveis<\/span><span style=\"font-weight: 400;\"><br \/><\/span><span style=\"font-weight: 400;\">\u2714<\/span><span style=\"font-weight: 400;\">\u00a0orienta\u00e7\u00e3o preventiva para mitiga\u00e7\u00e3o de riscos jur\u00eddicos<\/span><span style=\"font-weight: 400;\"><br \/><\/span><span style=\"font-weight: 400;\">\u2714<\/span><span style=\"font-weight: 400;\">\u00a0defini\u00e7\u00e3o de estrat\u00e9gia jur\u00eddica adequada ao caso concreto<\/span><span style=\"font-weight: 400;\"><br \/><\/span><span style=\"font-weight: 400;\">\u2714<\/span><span style=\"font-weight: 400;\">\u00a0atua\u00e7\u00e3o firme na defesa dos interesses do cliente em processos judiciais<\/span><span style=\"font-weight: 400;\"><br \/><\/span><span style=\"font-weight: 400;\">\u2714<\/span><span style=\"font-weight: 400;\">\u00a0acompanhamento constante das demandas at\u00e9\u00a0sua efetiva resolu\u00e7\u00e3o<\/span><span style=\"font-weight: 400;\"><br \/><\/span><span style=\"font-weight: 400;\">Essa metodologia permite que cada caso seja conduzido com\u00a0seguran\u00e7a jur\u00eddica, responsabilidade profissional e foco na obten\u00e7\u00e3o dos melhores resultados poss\u00edveis.<\/span><span style=\"font-weight: 400;\"><br \/><\/span><span style=\"font-weight: 400;\">Atendimento jur\u00eddico especializado<\/span><span style=\"font-weight: 400;\"><br \/><\/span><span style=\"font-weight: 400;\">Se voc\u00ea est\u00e1 enfrentando um problema jur\u00eddico ou deseja orienta\u00e7\u00e3o preventiva em mat\u00e9ria c\u00edvel, contar com o acompanhamento de um advogado especializado \u00e9 fundamental para garantir a correta defesa de seus direitos.<\/span><span style=\"font-weight: 400;\"><br \/><\/span><span style=\"font-weight: 400;\">A equipe do escrit\u00f3rio\u00a0Delamare Bonfim Advocacia, composta por profissionais experientes e com atua\u00e7\u00e3o multidisciplinar, est\u00e1 preparada para analisar cada situa\u00e7\u00e3o de forma individualizada e oferecer solu\u00e7\u00f5es jur\u00eddicas adequadas.<\/span><span style=\"font-weight: 400;\"><br \/><\/span><span style=\"font-weight: 400;\">O Direito de Fam\u00edlia\u00a0\u00e9 o ramo do Direito respons\u00e1vel por regular as rela\u00e7\u00f5es familiares, disciplinando direitos e deveres decorrentes do casamento, da uni\u00e3o est\u00e1vel, da filia\u00e7\u00e3o, da guarda de filhos, da obriga\u00e7\u00e3o alimentar e da administra\u00e7\u00e3o do patrim\u00f4nio familiar.<\/span><span style=\"font-weight: 400;\"><br \/><\/span><span style=\"font-weight: 400;\">Trata-se de uma \u00e1rea jur\u00eddica que envolve n\u00e3o apenas quest\u00f5es patrimoniais relevantes, mas tamb\u00e9m aspectos pessoais e afetivos extremamente sens\u00edveis, exigindo do profissional do Direito atua\u00e7\u00e3o t\u00e9cnica qualificada, responsabilidade e sensibilidade na condu\u00e7\u00e3o das demandas.<\/span><span style=\"font-weight: 400;\"><br \/><\/span><span style=\"font-weight: 400;\">A\u00a0Delamare Bonfim Advocacia, com\u00a0mais de 15 anos de expertise na advocacia, equipe composta por\u00a0mais de 12 advogados\u00a0e atua\u00e7\u00e3o em\u00a0mais de 10.000 processos, possui ampla experi\u00eancia na condu\u00e7\u00e3o de demandas envolvendo conflitos familiares, atuando tanto na\u00a0preven\u00e7\u00e3o de lit\u00edgios quanto na resolu\u00e7\u00e3o judicial e extrajudicial de conflitos.<\/span><span style=\"font-weight: 400;\"><br \/><\/span><span style=\"font-weight: 400;\">Nosso escrit\u00f3rio busca sempre conduzir cada caso com seriedade, discri\u00e7\u00e3o e estrat\u00e9gia jur\u00eddica adequada, priorizando, sempre que poss\u00edvel, solu\u00e7\u00f5es consensuais que preservem os v\u00ednculos familiares e reduzam os impactos emocionais das disputas.<\/span><\/p>\t\t\t\t\t\t\t\t<\/div>\n\t\t\t\t<\/div>\n\t\t\t\t\t<\/div>\n\t\t<\/div>\n\t\t\t\t\t<\/div>\n\t\t<\/section>\n\t\t\t\t<\/div>\n\t\t","protected":false},"excerpt":{"rendered":"<p>Direito C\u00edvel O Direito Civil\u00a0\u00e9 um dos ramos mais amplos do ordenamento jur\u00eddico brasileiro, sendo respons\u00e1vel por regular grande parte das rela\u00e7\u00f5es jur\u00eddicas estabelecidas no cotidiano das pessoas e das empresas. Trata-se da \u00e1rea do Direito que disciplina as rela\u00e7\u00f5es privadas, envolvendo direitos patrimoniais, obriga\u00e7\u00f5es contratuais, responsabilidade civil, posse, propriedade, rela\u00e7\u00f5es de consumo e diversas [&hellip;]<\/p>\n","protected":false},"author":2,"featured_media":0,"parent":0,"menu_order":0,"comment_status":"closed","ping_status":"closed","template":"elementor_header_footer","meta":{"ocean_post_layout":"","ocean_both_sidebars_style":"","ocean_both_sidebars_content_width":0,"ocean_both_sidebars_sidebars_width":0,"ocean_sidebar":"","ocean_second_sidebar":"","ocean_disable_margins":"enable","ocean_add_body_class":"","ocean_shortcode_before_top_bar":"","ocean_shortcode_after_top_bar":"","ocean_shortcode_before_header":"","ocean_shortcode_after_header":"","ocean_has_shortcode":"","ocean_shortcode_after_title":"","ocean_shortcode_before_footer_widgets":"","ocean_shortcode_after_footer_widgets":"","ocean_shortcode_before_footer_bottom":"","ocean_shortcode_after_footer_bottom":"","ocean_display_top_bar":"default","ocean_display_header":"default","ocean_header_style":"","ocean_center_header_left_menu":"","ocean_custom_header_template":"","ocean_custom_logo":0,"ocean_custom_retina_logo":0,"ocean_custom_logo_max_width":0,"ocean_custom_logo_tablet_max_width":0,"ocean_custom_logo_mobile_max_width":0,"ocean_custom_logo_max_height":0,"ocean_custom_logo_tablet_max_height":0,"ocean_custom_logo_mobile_max_height":0,"ocean_header_custom_menu":"","ocean_menu_typo_font_family":"","ocean_menu_typo_font_subset":"","ocean_menu_typo_font_size":0,"ocean_menu_typo_font_size_tablet":0,"ocean_menu_typo_font_size_mobile":0,"ocean_menu_typo_font_size_unit":"px","ocean_menu_typo_font_weight":"","ocean_menu_typo_font_weight_tablet":"","ocean_menu_typo_font_weight_mobile":"","ocean_menu_typo_transform":"","ocean_menu_typo_transform_tablet":"","ocean_menu_typo_transform_mobile":"","ocean_menu_typo_line_height":0,"ocean_menu_typo_line_height_tablet":0,"ocean_menu_typo_line_height_mobile":0,"ocean_menu_typo_line_height_unit":"","ocean_menu_typo_spacing":0,"ocean_menu_typo_spacing_tablet":0,"ocean_menu_typo_spacing_mobile":0,"ocean_menu_typo_spacing_unit":"","ocean_menu_link_color":"","ocean_menu_link_color_hover":"","ocean_menu_link_color_active":"","ocean_menu_link_background":"","ocean_menu_link_hover_background":"","ocean_menu_link_active_background":"","ocean_menu_social_links_bg":"","ocean_menu_social_hover_links_bg":"","ocean_menu_social_links_color":"","ocean_menu_social_hover_links_color":"","ocean_disable_title":"default","ocean_disable_heading":"default","ocean_post_title":"","ocean_post_subheading":"","ocean_post_title_style":"","ocean_post_title_background_color":"","ocean_post_title_background":0,"ocean_post_title_bg_image_position":"","ocean_post_title_bg_image_attachment":"","ocean_post_title_bg_image_repeat":"","ocean_post_title_bg_image_size":"","ocean_post_title_height":0,"ocean_post_title_bg_overlay":0.5,"ocean_post_title_bg_overlay_color":"","ocean_disable_breadcrumbs":"default","ocean_breadcrumbs_color":"","ocean_breadcrumbs_separator_color":"","ocean_breadcrumbs_links_color":"","ocean_breadcrumbs_links_hover_color":"","ocean_display_footer_widgets":"default","ocean_display_footer_bottom":"default","ocean_custom_footer_template":"","footnotes":""},"class_list":["post-439","page","type-page","status-publish","hentry","entry"],"_links":{"self":[{"href":"https:\/\/delamarebonfim.adv.br\/site\/wp-json\/wp\/v2\/pages\/439","targetHints":{"allow":["GET"]}}],"collection":[{"href":"https:\/\/delamarebonfim.adv.br\/site\/wp-json\/wp\/v2\/pages"}],"about":[{"href":"https:\/\/delamarebonfim.adv.br\/site\/wp-json\/wp\/v2\/types\/page"}],"author":[{"embeddable":true,"href":"https:\/\/delamarebonfim.adv.br\/site\/wp-json\/wp\/v2\/users\/2"}],"replies":[{"embeddable":true,"href":"https:\/\/delamarebonfim.adv.br\/site\/wp-json\/wp\/v2\/comments?post=439"}],"version-history":[{"count":10,"href":"https:\/\/delamarebonfim.adv.br\/site\/wp-json\/wp\/v2\/pages\/439\/revisions"}],"predecessor-version":[{"id":641,"href":"https:\/\/delamarebonfim.adv.br\/site\/wp-json\/wp\/v2\/pages\/439\/revisions\/641"}],"wp:attachment":[{"href":"https:\/\/delamarebonfim.adv.br\/site\/wp-json\/wp\/v2\/media?parent=439"}],"curies":[{"name":"wp","href":"https:\/\/api.w.org\/{rel}","templated":true}]}}